{"id":894,"date":"2025-05-28T03:22:36","date_gmt":"2025-05-28T01:22:36","guid":{"rendered":"https:\/\/wucwo.org\/notre-histoire\/"},"modified":"2025-12-17T11:37:58","modified_gmt":"2025-12-17T10:37:58","slug":"notre-histoire","status":"publish","type":"page","link":"https:\/\/wucwo.org\/fr\/notre-histoire\/","title":{"rendered":"Nos racines"},"content":{"rendered":"<p>[et_pb_section fb_built=\u00a0\u00bb1&Prime; _builder_version=\u00a0\u00bb4.27.4&Prime; _module_preset=\u00a0\u00bbdefault\u00a0\u00bb background_color=\u00a0\u00bbrgba(0,0,0,0.49)\u00a0\u00bb background_image=\u00a0\u00bbhttps:\/\/wucwo.org\/wp-content\/uploads\/2025\/05\/nuestras-raices.png\u00a0\u00bb background_position=\u00a0\u00bbtop_center\u00a0\u00bb background_vertical_offset=\u00a0\u00bb35%\u00a0\u00bb background_blend=\u00a0\u00bbmultiply\u00a0\u00bb custom_padding=\u00a0\u00bb100px||100px||true|false\u00a0\u00bb da_disable_devices=\u00a0\u00bboff|off|off\u00a0\u00bb global_colors_info=\u00a0\u00bb{}\u00a0\u00bb da_is_popup=\u00a0\u00bboff\u00a0\u00bb da_exit_intent=\u00a0\u00bboff\u00a0\u00bb da_has_close=\u00a0\u00bbon\u00a0\u00bb da_alt_close=\u00a0\u00bboff\u00a0\u00bb da_dark_close=\u00a0\u00bboff\u00a0\u00bb da_not_modal=\u00a0\u00bbon\u00a0\u00bb da_is_singular=\u00a0\u00bboff\u00a0\u00bb da_with_loader=\u00a0\u00bboff\u00a0\u00bb da_has_shadow=\u00a0\u00bbon\u00a0\u00bb][et_pb_row _builder_version=\u00a0\u00bb4.27.4&Prime; _module_preset=\u00a0\u00bbdefault\u00a0\u00bb width=\u00a0\u00bb90%\u00a0\u00bb global_colors_info=\u00a0\u00bb{}\u00a0\u00bb][et_pb_column type=\u00a0\u00bb4_4&Prime; _builder_version=\u00a0\u00bb4.27.4&Prime; _module_preset=\u00a0\u00bbdefault\u00a0\u00bb global_colors_info=\u00a0\u00bb{}\u00a0\u00bb][et_pb_text _builder_version=\u00a0\u00bb4.27.4&Prime; _module_preset=\u00a0\u00bbdefault\u00a0\u00bb text_font=\u00a0\u00bbNunito Sans|300|||||||\u00a0\u00bb text_text_color=\u00a0\u00bb#FFFFFF\u00a0\u00bb text_font_size=\u00a0\u00bb18px\u00a0\u00bb header_font=\u00a0\u00bbNunito Sans|600|||||||\u00a0\u00bb header_text_color=\u00a0\u00bb#FFFFFF\u00a0\u00bb header_font_size=\u00a0\u00bb60px\u00a0\u00bb global_colors_info=\u00a0\u00bb{}\u00a0\u00bb]<\/p>\n<h1>Nos racines<\/h1>\n<p>[\/et_pb_text][\/et_pb_column][\/et_pb_row][\/et_pb_section][et_pb_section fb_built=\u00a0\u00bb1&Prime; _builder_version=\u00a0\u00bb4.27.4&Prime; _module_preset=\u00a0\u00bbdefault\u00a0\u00bb custom_padding=\u00a0\u00bb||10px|||\u00a0\u00bb da_disable_devices=\u00a0\u00bboff|off|off\u00a0\u00bb global_colors_info=\u00a0\u00bb{}\u00a0\u00bb da_is_popup=\u00a0\u00bboff\u00a0\u00bb da_exit_intent=\u00a0\u00bboff\u00a0\u00bb da_has_close=\u00a0\u00bbon\u00a0\u00bb da_alt_close=\u00a0\u00bboff\u00a0\u00bb da_dark_close=\u00a0\u00bboff\u00a0\u00bb da_not_modal=\u00a0\u00bbon\u00a0\u00bb da_is_singular=\u00a0\u00bboff\u00a0\u00bb da_with_loader=\u00a0\u00bboff\u00a0\u00bb da_has_shadow=\u00a0\u00bbon\u00a0\u00bb][et_pb_row _builder_version=\u00a0\u00bb4.27.4&Prime; _module_preset=\u00a0\u00bbdefault\u00a0\u00bb width=\u00a0\u00bb90%\u00a0\u00bb global_colors_info=\u00a0\u00bb{}\u00a0\u00bb][et_pb_column type=\u00a0\u00bb4_4&Prime; _builder_version=\u00a0\u00bb4.27.4&Prime; _module_preset=\u00a0\u00bbdefault\u00a0\u00bb global_colors_info=\u00a0\u00bb{}\u00a0\u00bb][et_pb_text _builder_version=\u00a0\u00bb4.27.4&Prime; _module_preset=\u00a0\u00bbdefault\u00a0\u00bb header_font=\u00a0\u00bbJosefin Slab|700|||||||\u00a0\u00bb header_text_align=\u00a0\u00bbcenter\u00a0\u00bb header_text_color=\u00a0\u00bb#006CA7&Prime; header_font_size=\u00a0\u00bb40px\u00a0\u00bb custom_margin=\u00a0\u00bb||8px|||\u00a0\u00bb custom_padding=\u00a0\u00bb1px|||||\u00a0\u00bb global_colors_info=\u00a0\u00bb{}\u00a0\u00bb]<\/p>\n<h1>Plus d&rsquo;un si\u00e8cle au service des femmes catholiques<\/h1>\n<p>[\/et_pb_text][et_pb_divider color=\u00a0\u00bb#EC6386&Prime; divider_weight=\u00a0\u00bb3px\u00a0\u00bb _builder_version=\u00a0\u00bb4.27.4&Prime; _module_preset=\u00a0\u00bbdefault\u00a0\u00bb width=\u00a0\u00bb18%\u00a0\u00bb module_alignment=\u00a0\u00bbcenter\u00a0\u00bb global_colors_info=\u00a0\u00bb{}\u00a0\u00bb][\/et_pb_divider][et_pb_text _builder_version=\u00a0\u00bb4.27.4&Prime; _module_preset=\u00a0\u00bbdefault\u00a0\u00bb text_font=\u00a0\u00bbNunito||||||||\u00a0\u00bb text_font_size=\u00a0\u00bb17px\u00a0\u00bb text_line_height=\u00a0\u00bb1.6em\u00a0\u00bb text_orientation=\u00a0\u00bbcenter\u00a0\u00bb width=\u00a0\u00bb65%\u00a0\u00bb module_alignment=\u00a0\u00bbcenter\u00a0\u00bb global_colors_info=\u00a0\u00bb{}\u00a0\u00bb]<\/p>\n<p>Depuis sa fondation en 1910, l&rsquo;UMOFC est un espace de communion, de rencontre et de mission entre les femmes catholiques du monde entier. Depuis plus de cent ans, elle accompagne les d\u00e9fis de chaque \u00e9poque dans la fid\u00e9lit\u00e9 \u00e0 l&rsquo;\u00c9vangile et au Magist\u00e8re de l&rsquo;\u00c9glise et avec un engagement profond en faveur de la dignit\u00e9, de la formation et de la participation active des femmes dans l&rsquo;\u00c9glise et dans la soci\u00e9t\u00e9.<\/p>\n<p>[\/et_pb_text][\/et_pb_column][\/et_pb_row][\/et_pb_section][et_pb_section fb_built=\u00a0\u00bb1&Prime; _builder_version=\u00a0\u00bb4.27.4&Prime; _module_preset=\u00a0\u00bbdefault\u00a0\u00bb custom_padding=\u00a0\u00bb8px||33px|||\u00a0\u00bb da_disable_devices=\u00a0\u00bboff|off|off\u00a0\u00bb global_colors_info=\u00a0\u00bb{}\u00a0\u00bb da_is_popup=\u00a0\u00bboff\u00a0\u00bb da_exit_intent=\u00a0\u00bboff\u00a0\u00bb da_has_close=\u00a0\u00bbon\u00a0\u00bb da_alt_close=\u00a0\u00bboff\u00a0\u00bb da_dark_close=\u00a0\u00bboff\u00a0\u00bb da_not_modal=\u00a0\u00bbon\u00a0\u00bb da_is_singular=\u00a0\u00bboff\u00a0\u00bb da_with_loader=\u00a0\u00bboff\u00a0\u00bb da_has_shadow=\u00a0\u00bbon\u00a0\u00bb][et_pb_row _builder_version=\u00a0\u00bb4.27.4&Prime; _module_preset=\u00a0\u00bbdefault\u00a0\u00bb width=\u00a0\u00bb95%\u00a0\u00bb custom_padding=\u00a0\u00bb6px|||||\u00a0\u00bb global_colors_info=\u00a0\u00bb{}\u00a0\u00bb][et_pb_column type=\u00a0\u00bb4_4&Prime; _builder_version=\u00a0\u00bb4.27.4&Prime; _module_preset=\u00a0\u00bbdefault\u00a0\u00bb global_colors_info=\u00a0\u00bb{}\u00a0\u00bb][tmdivi_timeline timeline_layout=\u00a0\u00bbhorizontal\u00a0\u00bb timeline_line_width=\u00a0\u00bb3px\u00a0\u00bb timeline_fill_setting=\u00a0\u00bbon\u00a0\u00bb timeline_fill_color=\u00a0\u00bb#EC6386&Prime; icon_background_color=\u00a0\u00bb#FFFFFF\u00a0\u00bb label_font=\u00a0\u00bbJosefin Sans|600|||||||\u00a0\u00bb label_font_color=\u00a0\u00bb#006CA7&Prime; sub_label_font=\u00a0\u00bbJosefin Sans||||||||\u00a0\u00bb sub_label_font_color=\u00a0\u00bb#006CA7&Prime; sub_label_font_size=\u00a0\u00bb18px\u00a0\u00bb year_label_font=\u00a0\u00bbJosefin Sans||||||||\u00a0\u00bb year_label_bg_color=\u00a0\u00bb#006CA7&Prime; heading_font_color=\u00a0\u00bb#006CA7&Prime; heading_custom_padding=\u00a0\u00bb20px|20px||20px|false|true\u00a0\u00bb description_font_color=\u00a0\u00bb#474747&Prime; description_text_size=\u00a0\u00bb15px\u00a0\u00bb description_line_height=\u00a0\u00bb22px\u00a0\u00bb description_custom_padding=\u00a0\u00bb|20px|20px|20px|false|true\u00a0\u00bb horizontal_settings_slide_to_show=\u00a0\u00bb4&Prime; horizontal_settings_slide_spacing=\u00a0\u00bb30&Prime; _builder_version=\u00a0\u00bb4.27.4&Prime; _module_preset=\u00a0\u00bbdefault\u00a0\u00bb heading_settings_font=\u00a0\u00bbJosefin Sans|600|||||||\u00a0\u00bb description_settings_font=\u00a0\u00bbNunito||||||||\u00a0\u00bb module_alignment=\u00a0\u00bbcenter\u00a0\u00bb global_colors_info=\u00a0\u00bb{}\u00a0\u00bb][tmdivi_timeline_story label_date=\u00a0\u00bb1910&Prime; story_title=\u00a0\u00bbNaissance de l&rsquo;Union\u00a0\u00bb media=\u00a0\u00bbhttps:\/\/wucwo.org\/wp-content\/uploads\/2025\/07\/1910.png\u00a0\u00bb _builder_version=\u00a0\u00bb4.27.4&Prime; global_colors_info=\u00a0\u00bb{}\u00a0\u00bb]<\/p>\n<p><span style=\"font-weight: 400;\">Des femmes de onze pays fondent l&rsquo;Union Internationale des Ligues F\u00e9minines Catholiques, dans le but de d\u00e9fendre la foi, les libert\u00e9s religieuses et de promouvoir l&rsquo;action sociale catholique sous la direction du Pape.<\/span><\/p>\n<p>[\/tmdivi_timeline_story][tmdivi_timeline_story label_date=\u00a0\u00bb1921&Prime; story_title=\u00a0\u00bbReprise des activit\u00e9s\u00a0\u00bb media=\u00a0\u00bbhttps:\/\/wucwo.org\/wp-content\/uploads\/2025\/07\/1921.png\u00a0\u00bb _builder_version=\u00a0\u00bb4.27.4&Prime; global_colors_info=\u00a0\u00bb{}\u00a0\u00bb]<\/p>\n<p><span style=\"font-weight: 400;\">Apr\u00e8s une interruption due \u00e0 la Premi\u00e8re Guerre mondiale, l&rsquo;Union reprend publiquement ses activit\u00e9s et continue de cro\u00eetre en nombre d&rsquo;organisations et en pr\u00e9sence internationale.<\/span><\/p>\n<p>[\/tmdivi_timeline_story][tmdivi_timeline_story label_date=\u00a0\u00bb1928&Prime; story_title=\u00a0\u00bbReconnaissance papale\u00a0\u00bb media=\u00a0\u00bbhttps:\/\/wucwo.org\/wp-content\/uploads\/2025\/07\/1928.png\u00a0\u00bb _builder_version=\u00a0\u00bb4.27.4&Prime; global_colors_info=\u00a0\u00bb{}\u00a0\u00bb]<\/p>\n<p><span style=\"font-weight: 400;\">Le pape Pie XI encourage l&rsquo;Union \u00e0 poursuivre son travail et \u00e0 collaborer avec d&rsquo;autres organisations pour la d\u00e9fense des valeurs chr\u00e9tiennes et sociales.<\/span><\/p>\n<p>[\/tmdivi_timeline_story][tmdivi_timeline_story label_date=\u00a0\u00bb1945&Prime; story_title=\u00a0\u00bbUne voix \u00e0 l&rsquo;ONU\u00a0\u00bb media=\u00a0\u00bbhttps:\/\/wucwo.org\/wp-content\/uploads\/2025\/07\/1945.png\u00a0\u00bb _builder_version=\u00a0\u00bb4.27.4&Prime; global_colors_info=\u00a0\u00bb{}\u00a0\u00bb]<\/p>\n<p><span style=\"font-weight: 400;\">L&rsquo;Union obtient un statut consultatif aupr\u00e8s de l&rsquo;ECOSOC et d&rsquo;autres agences des Nations unies, ce qui lui permet d&rsquo;amplifier la voix des femmes catholiques au niveau mondial.<\/span><\/p>\n<p>[\/tmdivi_timeline_story][tmdivi_timeline_story label_date=\u00a0\u00bb1952&Prime; story_title=\u00a0\u00bbChangement de nom et consolidation mondiale\u00a0\u00bb media=\u00a0\u00bbhttps:\/\/wucwo.org\/wp-content\/uploads\/2025\/07\/1952.png\u00a0\u00bb _builder_version=\u00a0\u00bb4.27.4&Prime; global_colors_info=\u00a0\u00bb{}\u00a0\u00bb]<\/p>\n<p><span style=\"font-weight: 400;\">De nouveaux statuts sont approuv\u00e9s et l\u2019Union Mondiale des Organisations F\u00e9minines Catholiques (UMOFC) voit officiellement le jour, repr\u00e9sentant des millions de femmes sur les cinq continents.<\/span><\/p>\n<p>[\/tmdivi_timeline_story][tmdivi_timeline_story label_date=\u00a0\u00bb1962&Prime; story_title=\u00a0\u00bbPilar Bellosillo au Concile Vatican II\u00a0\u00bb media=\u00a0\u00bbhttps:\/\/wucwo.org\/wp-content\/uploads\/2025\/07\/1962.png\u00a0\u00bb _builder_version=\u00a0\u00bb4.27.4&Prime; global_colors_info=\u00a0\u00bb{}\u00a0\u00bb]<\/p>\n<p><span style=\"font-weight: 400;\">La pr\u00e9sidente de l&rsquo;UMOFC participe en tant qu&rsquo;auditrice au Concile, apportant la voix des femmes sur des questions cl\u00e9s telles que la famille et la formation chr\u00e9tienne.<\/span><\/p>\n<p>[\/tmdivi_timeline_story][tmdivi_timeline_story label_date=\u00a0\u00bbAnn\u00e9es 70\u201380&Prime; story_title=\u00a0\u00bbTravail r\u00e9gional et \u0153cum\u00e9nique\u00a0\u00bb media=\u00a0\u00bbhttps:\/\/wucwo.org\/wp-content\/uploads\/2025\/07\/1980.png\u00a0\u00bb _builder_version=\u00a0\u00bb4.27.4&Prime; global_colors_info=\u00a0\u00bb{}\u00a0\u00bb]<\/p>\n<p><span style=\"font-weight: 400;\">Les premi\u00e8res conf\u00e9rences r\u00e9gionales voient le jour et un engagement plus ferme en faveur de l&rsquo;\u0153cum\u00e9nisme et de la promotion des femmes dans tous les domaines commence \u00e0 se manifester.<\/span><\/p>\n<p>[\/tmdivi_timeline_story][tmdivi_timeline_story label_date=\u00a0\u00bb2007&Prime; story_title=\u00a0\u00bbReconnaissance en tant que voix officielle de l&rsquo;\u00c9glise\u00a0\u00bb media=\u00a0\u00bbhttps:\/\/wucwo.org\/wp-content\/uploads\/2025\/07\/2007.png\u00a0\u00bb _builder_version=\u00a0\u00bb4.27.4&Prime; global_colors_info=\u00a0\u00bb{}\u00a0\u00bb]<\/p>\n<p><span style=\"font-weight: 400;\">Le Saint-Si\u00e8ge confirme l&rsquo;UMOFC comme Association Publique Internationale de Fid\u00e8les, l\u00e9gitimant ainsi sa mission de parler et d&rsquo;agir au nom de l&rsquo;\u00c9glise.<\/span><\/p>\n<p>[\/tmdivi_timeline_story][tmdivi_timeline_story label_date=\u00a0\u00bb2010&Prime; story_title=\u00a0\u00bbCentenaire en Terre Sainte\u00a0\u00bb media=\u00a0\u00bbhttps:\/\/wucwo.org\/wp-content\/uploads\/2025\/07\/2010.png\u00a0\u00bb _builder_version=\u00a0\u00bb4.27.4&Prime; global_colors_info=\u00a0\u00bb{}\u00a0\u00bb]<\/p>\n<p><span style=\"font-weight: 400;\">L&rsquo;Assembl\u00e9e G\u00e9n\u00e9rale se tient \u00e0 J\u00e9rusalem dans un climat de gratitude, c\u00e9l\u00e9brant cent ans d&rsquo;histoire, de mission et d&rsquo;engagement en faveur de la promotion et de la participation des femmes catholiques.<\/span><\/p>\n<p>[\/tmdivi_timeline_story][\/tmdivi_timeline][\/et_pb_column][\/et_pb_row][\/et_pb_section][et_pb_section fb_built=\u00a0\u00bb1&Prime; _builder_version=\u00a0\u00bb4.27.4&Prime; _module_preset=\u00a0\u00bbdefault\u00a0\u00bb background_color=\u00a0\u00bbrgba(0,108,167,0.08)\u00a0\u00bb da_disable_devices=\u00a0\u00bboff|off|off\u00a0\u00bb global_colors_info=\u00a0\u00bb{}\u00a0\u00bb da_is_popup=\u00a0\u00bboff\u00a0\u00bb da_exit_intent=\u00a0\u00bboff\u00a0\u00bb da_has_close=\u00a0\u00bbon\u00a0\u00bb da_alt_close=\u00a0\u00bboff\u00a0\u00bb da_dark_close=\u00a0\u00bboff\u00a0\u00bb da_not_modal=\u00a0\u00bbon\u00a0\u00bb da_is_singular=\u00a0\u00bboff\u00a0\u00bb da_with_loader=\u00a0\u00bboff\u00a0\u00bb da_has_shadow=\u00a0\u00bbon\u00a0\u00bb][et_pb_row _builder_version=\u00a0\u00bb4.27.4&Prime; _module_preset=\u00a0\u00bbdefault\u00a0\u00bb global_colors_info=\u00a0\u00bb{}\u00a0\u00bb][et_pb_column type=\u00a0\u00bb4_4&Prime; _builder_version=\u00a0\u00bb4.27.4&Prime; _module_preset=\u00a0\u00bbdefault\u00a0\u00bb global_colors_info=\u00a0\u00bb{}\u00a0\u00bb][et_pb_text _builder_version=\u00a0\u00bb4.27.4&Prime; _module_preset=\u00a0\u00bbdefault\u00a0\u00bb header_font=\u00a0\u00bbJosefin Slab|700|||||||\u00a0\u00bb header_text_align=\u00a0\u00bbcenter\u00a0\u00bb header_text_color=\u00a0\u00bb#006CA7&Prime; header_font_size=\u00a0\u00bb34px\u00a0\u00bb custom_margin=\u00a0\u00bb||8px|||\u00a0\u00bb global_colors_info=\u00a0\u00bb{}\u00a0\u00bb]<\/p>\n<h1>Pilar Bellosillo : une femme du Concile<\/h1>\n<p>[\/et_pb_text][\/et_pb_column][\/et_pb_row][et_pb_row column_structure=\u00a0\u00bb1_3,1_3,1_3&Prime; _builder_version=\u00a0\u00bb4.27.4&Prime; _module_preset=\u00a0\u00bbdefault\u00a0\u00bb width=\u00a0\u00bb90%\u00a0\u00bb global_colors_info=\u00a0\u00bb{}\u00a0\u00bb][et_pb_column type=\u00a0\u00bb1_3&Prime; _builder_version=\u00a0\u00bb4.27.4&Prime; _module_preset=\u00a0\u00bbdefault\u00a0\u00bb global_colors_info=\u00a0\u00bb{}\u00a0\u00bb][et_pb_image src=\u00a0\u00bbhttps:\/\/wucwo.org\/wp-content\/uploads\/2025\/05\/Pilar-Bellosillo.png\u00a0\u00bb title_text=\u00a0\u00bbPilar Bellosillo\u00a0\u00bb _builder_version=\u00a0\u00bb4.27.4&Prime; _module_preset=\u00a0\u00bbdefault\u00a0\u00bb global_colors_info=\u00a0\u00bb{}\u00a0\u00bb][\/et_pb_image][\/et_pb_column][et_pb_column _builder_version=\u00a0\u00bb4.27.5&Prime; _module_preset=\u00a0\u00bbdefault\u00a0\u00bb type=\u00a0\u00bb1_3&Prime;][et_pb_text _builder_version=\u00a0\u00bb4.27.4&Prime; _module_preset=\u00a0\u00bbdefault\u00a0\u00bb text_font=\u00a0\u00bbNunito||||||||\u00a0\u00bb text_font_size=\u00a0\u00bb15px\u00a0\u00bb text_line_height=\u00a0\u00bb1.6em\u00a0\u00bb header_3_font=\u00a0\u00bbJosefin Sans|700|||||||\u00a0\u00bb header_3_text_color=\u00a0\u00bb#006CA7&Prime; header_3_font_size=\u00a0\u00bb25px\u00a0\u00bb header_3_line_height=\u00a0\u00bb1.5em\u00a0\u00bb global_colors_info=\u00a0\u00bb{}\u00a0\u00bb]<\/p>\n<h3>Pilar Bellosillo<\/h3>\n<p style=\"text-align: left;\">Pilar Bellosillo \u00e9tait une femme profond\u00e9ment engag\u00e9e dans sa foi et dans l&rsquo;\u00c9glise. En tant que pr\u00e9sidente de l&rsquo;UMOFC, elle a particip\u00e9 au Concile Vatican II, non seulement en tant qu&rsquo;auditrice, mais aussi en tant que collaboratrice active \u00e0 la pr\u00e9paration de la constitution Gaudium et Spes et \u00e0 la Commission sur le mariage et la famille.<\/p>\n<p style=\"text-align: left;\">Son t\u00e9moignage courageux et serein a marqu\u00e9 un avant et un apr\u00e8s dans la pr\u00e9sence f\u00e9minine dans la vie eccl\u00e9siale. L&rsquo;UMOFC est honor\u00e9e d&rsquo;avoir pu compter sur son leadership et soutient aujourd&rsquo;hui sa cause de b\u00e9atification, reconnaissant en elle un mod\u00e8le de saintet\u00e9 la\u00efque f\u00e9minine au service de l&rsquo;\u00c9glise.<\/p>\n<p>[\/et_pb_text][et_pb_button button_url=\u00a0\u00bbhttps:\/\/pilarbellosillo.org\/\u00a0\u00bb url_new_window=\u00a0\u00bbon\u00a0\u00bb button_text=\u00a0\u00bbEn savoir plus sur Pilar\u00a0\u00bb _builder_version=\u00a0\u00bb4.27.4&Prime; _module_preset=\u00a0\u00bbdefault\u00a0\u00bb custom_button=\u00a0\u00bbon\u00a0\u00bb button_text_size=\u00a0\u00bb16px\u00a0\u00bb button_text_color=\u00a0\u00bb#FFFFFF\u00a0\u00bb button_bg_color=\u00a0\u00bb#006CA7&Prime; button_border_width=\u00a0\u00bb0px\u00a0\u00bb button_border_radius=\u00a0\u00bb0px\u00a0\u00bb button_font=\u00a0\u00bbJosefin Sans||||||||\u00a0\u00bb custom_padding=\u00a0\u00bb7px|30px|7px|30px|true|true\u00a0\u00bb global_colors_info=\u00a0\u00bb{}\u00a0\u00bb][\/et_pb_button][\/et_pb_column][et_pb_column type=\u00a0\u00bb1_3&Prime; _builder_version=\u00a0\u00bb4.27.4&Prime; _module_preset=\u00a0\u00bbdefault\u00a0\u00bb global_colors_info=\u00a0\u00bb{}\u00a0\u00bb][et_pb_text _builder_version=\u00a0\u00bb4.27.5&Prime; _module_preset=\u00a0\u00bbdefault\u00a0\u00bb sticky_enabled=\u00a0\u00bb0&Prime; text_font=\u00a0\u00bbNunito||||||||\u00a0\u00bb text_font_size=\u00a0\u00bb15px\u00a0\u00bb text_line_height=\u00a0\u00bb1.6em\u00a0\u00bb header_3_font=\u00a0\u00bbJosefin Sans|700|||||||\u00a0\u00bb header_3_text_color=\u00a0\u00bb#006CA7&Prime; header_3_font_size=\u00a0\u00bb25px\u00a0\u00bb header_3_line_height=\u00a0\u00bb1.5em\u00a0\u00bb]<\/p>\n<h3><b>Pri\u00e8re \u00e0 Pilar<\/b><\/h3>\n<p><i>Seigneur Dieu, notre P\u00e8re, nous te rendons\u00a0<\/i><i>gr\u00e2ce pour la vie f\u00e9conde de Pilar <\/i><i>Bellosillo<\/i><i> par le t\u00e9moignage de son d\u00e9vouement \u00e0 la cause de l\u2019Evangile, par son amour pour l\u2019Eglise, pour son intense travail responsable sur la voie du <\/i><i style=\"font-size: 15px;\">renouvellement dans l\u2019esprit du Concile Vatican II.<\/i><\/p>\n<p><i>Nous te rendons gr\u00e2ce de l\u2019impulsion qu\u2019elle a <\/i><i style=\"font-size: 15px;\">donn\u00e9e au la\u00efcat eccl\u00e9sial et de son implication constante pour la promotion des femmes.<\/i><\/p>\n<p><i>Confiants en son intercession, nous remettons <\/i><i style=\"font-size: 15px;\">entre tes mains la gr\u00e2ce que nous te prions de <\/i><i style=\"font-size: 15px;\">nous conc\u00e9der et nous te demandons de nous <\/i><i style=\"font-size: 15px;\">rendre t\u00e9moins courageux et engag\u00e9s de la foi. <\/i><i style=\"font-size: 15px;\">Nous te prions par J\u00e9sus-Christ Notre Seigneur.<\/i><\/p>\n<p><i>Amen.<\/i><\/p>\n<p>[\/et_pb_text][\/et_pb_column][\/et_pb_row][\/et_pb_section][et_pb_section fb_built=\u00a0\u00bb1&Prime; _builder_version=\u00a0\u00bb4.27.4&Prime; _module_preset=\u00a0\u00bbdefault\u00a0\u00bb custom_padding=\u00a0\u00bb||150px||false|false\u00a0\u00bb da_disable_devices=\u00a0\u00bboff|off|off\u00a0\u00bb global_colors_info=\u00a0\u00bb{}\u00a0\u00bb da_is_popup=\u00a0\u00bboff\u00a0\u00bb da_exit_intent=\u00a0\u00bboff\u00a0\u00bb da_has_close=\u00a0\u00bbon\u00a0\u00bb da_alt_close=\u00a0\u00bboff\u00a0\u00bb da_dark_close=\u00a0\u00bboff\u00a0\u00bb da_not_modal=\u00a0\u00bbon\u00a0\u00bb da_is_singular=\u00a0\u00bboff\u00a0\u00bb da_with_loader=\u00a0\u00bboff\u00a0\u00bb da_has_shadow=\u00a0\u00bbon\u00a0\u00bb][et_pb_row _builder_version=\u00a0\u00bb4.27.4&Prime; _module_preset=\u00a0\u00bbdefault\u00a0\u00bb custom_padding=\u00a0\u00bb||3px|||\u00a0\u00bb global_colors_info=\u00a0\u00bb{}\u00a0\u00bb][et_pb_column type=\u00a0\u00bb4_4&Prime; _builder_version=\u00a0\u00bb4.27.4&Prime; _module_preset=\u00a0\u00bbdefault\u00a0\u00bb global_colors_info=\u00a0\u00bb{}\u00a0\u00bb][et_pb_text _builder_version=\u00a0\u00bb4.27.4&Prime; _module_preset=\u00a0\u00bbdefault\u00a0\u00bb header_font=\u00a0\u00bbJosefin Slab|700|||||||\u00a0\u00bb header_text_align=\u00a0\u00bbcenter\u00a0\u00bb header_text_color=\u00a0\u00bb#006CA7&Prime; header_font_size=\u00a0\u00bb34px\u00a0\u00bb custom_margin=\u00a0\u00bb||8px|||\u00a0\u00bb global_colors_info=\u00a0\u00bb{}\u00a0\u00bb]<\/p>\n<h1>Pr\u00e9sidentes de l\u2019UMOFC<\/h1>\n<p>[\/et_pb_text][\/et_pb_column][\/et_pb_row][et_pb_row column_structure=\u00a0\u00bb1_2,1_2&Prime; _builder_version=\u00a0\u00bb4.27.4&Prime; _module_preset=\u00a0\u00bbdefault\u00a0\u00bb global_colors_info=\u00a0\u00bb{}\u00a0\u00bb][et_pb_column type=\u00a0\u00bb1_2&Prime; _builder_version=\u00a0\u00bb4.27.4&Prime; _module_preset=\u00a0\u00bbdefault\u00a0\u00bb global_colors_info=\u00a0\u00bb{}\u00a0\u00bb][et_pb_image src=\u00a0\u00bbhttps:\/\/wucwo.org\/wp-content\/uploads\/2025\/07\/Histoire-Couverture.jpg\u00a0\u00bb title_text=\u00a0\u00bbHistoire Couverture\u00a0\u00bb force_fullwidth=\u00a0\u00bbon\u00a0\u00bb _builder_version=\u00a0\u00bb4.27.4&Prime; _module_preset=\u00a0\u00bbdefault\u00a0\u00bb global_colors_info=\u00a0\u00bb{}\u00a0\u00bb][\/et_pb_image][\/et_pb_column][et_pb_column type=\u00a0\u00bb1_2&Prime; _builder_version=\u00a0\u00bb4.27.4&Prime; _module_preset=\u00a0\u00bbdefault\u00a0\u00bb global_colors_info=\u00a0\u00bb{}\u00a0\u00bb][et_pb_text _builder_version=\u00a0\u00bb4.27.4&Prime; _module_preset=\u00a0\u00bbdefault\u00a0\u00bb text_font=\u00a0\u00bbNunito||||||||\u00a0\u00bb text_font_size=\u00a0\u00bb15px\u00a0\u00bb text_line_height=\u00a0\u00bb1.6em\u00a0\u00bb header_3_font=\u00a0\u00bbJosefin Sans|700|||||||\u00a0\u00bb header_3_text_color=\u00a0\u00bb#006CA7&Prime; header_3_font_size=\u00a0\u00bb25px\u00a0\u00bb header_3_line_height=\u00a0\u00bb1.5em\u00a0\u00bb global_colors_info=\u00a0\u00bb{}\u00a0\u00bb]<\/p>\n<p><strong>2023 \u2013 pr\u00e9sent : <\/strong>M\u00f3nica Santamarina (Mexique)<\/p>\n<p><strong>2018 \u2013 2023 :<\/strong> Mar\u00eda L\u00eda Zervino, Servante (Argentine)<\/p>\n<p><strong>2010 \u2013 2018 :<\/strong> Maria Giovanna Ruggieri (Italie)<\/p>\n<p><strong>2006 \u2013 2010 :<\/strong> Karen M. Hurley (\u00c9tats-Unis)<\/p>\n<p><strong>1996 \u2013 2006 : <\/strong>Maria Eugenia D\u00edaz de Pfennich (Mexique)<\/p>\n<p><strong>1987 \u2013 1996 :<\/strong> Marie-Th\u00e9r\u00e8se van Heteren-Hogenhuis (Pays-Bas)<\/p>\n<p><strong>1983 \u2013 1987 :<\/strong> Eleanor E. Aitken (Canada)<\/p>\n<p><strong>1974 \u2013 1983 : <\/strong>Elizabeth Lovatt-Dolan (Irlande)<\/p>\n<p><strong>1961 \u2013 1974 :<\/strong> Mar\u00eda del Pilar Bellosillo (Espagne)<\/p>\n<p><strong>1952 \u2013 1961 : <\/strong>Marie du Rostu (France)<\/p>\n<p><strong>1922 \u2013 1952 : <\/strong>Madame Steenberghe-Engeringh (Pays-Bas)<\/p>\n<p><strong>1913 \u2013 1922 :<\/strong> Comtesse Vodzicka (Pologne). Premi\u00e8re Pr\u00e9sidente Internationale<\/p>\n<p><strong>1913 : <\/strong>Margaret Fletcher (Angleterre). \u00c9lue pour pr\u00e9parer le Conseil suivant<\/p>\n<p><strong>1912 : <\/strong>Comtesse Zicky-Metternich (Autriche). \u00c9lue pour pr\u00e9parer le Conseil suivant<\/p>\n<p><strong>1911 : <\/strong>Marquise de Unza del Valle (Espagne). \u00c9lue pour pr\u00e9parer le Conseil suivant<\/p>\n<p><strong>1910 : <\/strong>Vicomtesse de Velard (France). Fondatrice et leader<\/p>\n<p>[\/et_pb_text][\/et_pb_column][\/et_pb_row][\/et_pb_section]<\/p>\n","protected":false},"excerpt":{"rendered":"<p>Nos racinesPlus d&rsquo;un si\u00e8cle au service des femmes catholiquesDepuis sa fondation en 1910, l&rsquo;UMOFC est un espace de communion, de rencontre et de mission entre les femmes catholiques du monde entier. Depuis plus de cent ans, elle accompagne les d\u00e9fis de chaque \u00e9poque dans la fid\u00e9lit\u00e9 \u00e0 l&rsquo;\u00c9vangile et au Magist\u00e8re de l&rsquo;\u00c9glise et avec [&hellip;]<\/p>\n","protected":false},"author":1,"featured_media":0,"parent":0,"menu_order":0,"comment_status":"closed","ping_status":"closed","template":"","meta":{"_et_pb_use_builder":"on","_et_pb_old_content":"","_et_gb_content_width":"","footnotes":""},"class_list":["post-894","page","type-page","status-publish","hentry"],"yoast_head":"<!-- This site is optimized with the Yoast SEO plugin v27.8 - https:\/\/yoast.com\/product\/yoast-seo-wordpress\/ -->\n<title>Nos racines - WUCWO - UMOFC<\/title>\n<meta name=\"robots\" content=\"index, follow, max-snippet:-1, max-image-preview:large, max-video-preview:-1\" \/>\n<link rel=\"canonical\" href=\"https:\/\/wucwo.org\/fr\/notre-histoire\/\" \/>\n<meta property=\"og:locale\" content=\"fr_FR\" \/>\n<meta property=\"og:type\" content=\"article\" \/>\n<meta property=\"og:title\" content=\"Nos racines - WUCWO - UMOFC\" \/>\n<meta property=\"og:description\" content=\"Nos racinesPlus d&#039;un si\u00e8cle au service des femmes catholiquesDepuis sa fondation en 1910, l&#039;UMOFC est un espace de communion, de rencontre et de mission entre les femmes catholiques du monde entier. Depuis plus de cent ans, elle accompagne les d\u00e9fis de chaque \u00e9poque dans la fid\u00e9lit\u00e9 \u00e0 l&#039;\u00c9vangile et au Magist\u00e8re de l&#039;\u00c9glise et avec [&hellip;]\" \/>\n<meta property=\"og:url\" content=\"https:\/\/wucwo.org\/fr\/notre-histoire\/\" \/>\n<meta property=\"og:site_name\" content=\"WUCWO - UMOFC\" \/>\n<meta property=\"article:publisher\" content=\"https:\/\/www.facebook.com\/worldunionofcatholicwomensorganisations\/\" \/>\n<meta property=\"article:modified_time\" content=\"2025-12-17T10:37:58+00:00\" \/>\n<meta name=\"twitter:card\" content=\"summary_large_image\" \/>\n<meta name=\"twitter:label1\" content=\"Dur\u00e9e de lecture estim\u00e9e\" \/>\n\t<meta name=\"twitter:data1\" content=\"11 minutes\" \/>\n<script type=\"application\/ld+json\" class=\"yoast-schema-graph\">{\"@context\":\"https:\\\/\\\/schema.org\",\"@graph\":[{\"@type\":\"WebPage\",\"@id\":\"https:\\\/\\\/wucwo.org\\\/fr\\\/notre-histoire\\\/\",\"url\":\"https:\\\/\\\/wucwo.org\\\/fr\\\/notre-histoire\\\/\",\"name\":\"Nos racines - WUCWO - UMOFC\",\"isPartOf\":{\"@id\":\"https:\\\/\\\/wucwo.org\\\/fr\\\/#website\"},\"datePublished\":\"2025-05-28T01:22:36+00:00\",\"dateModified\":\"2025-12-17T10:37:58+00:00\",\"breadcrumb\":{\"@id\":\"https:\\\/\\\/wucwo.org\\\/fr\\\/notre-histoire\\\/#breadcrumb\"},\"inLanguage\":\"fr-FR\",\"potentialAction\":[{\"@type\":\"ReadAction\",\"target\":[\"https:\\\/\\\/wucwo.org\\\/fr\\\/notre-histoire\\\/\"]}]},{\"@type\":\"BreadcrumbList\",\"@id\":\"https:\\\/\\\/wucwo.org\\\/fr\\\/notre-histoire\\\/#breadcrumb\",\"itemListElement\":[{\"@type\":\"ListItem\",\"position\":1,\"name\":\"Portada\",\"item\":\"https:\\\/\\\/wucwo.org\\\/fr\\\/\"},{\"@type\":\"ListItem\",\"position\":2,\"name\":\"Nos racines\"}]},{\"@type\":\"WebSite\",\"@id\":\"https:\\\/\\\/wucwo.org\\\/fr\\\/#website\",\"url\":\"https:\\\/\\\/wucwo.org\\\/fr\\\/\",\"name\":\"UMOFC\",\"description\":\"\",\"publisher\":{\"@id\":\"https:\\\/\\\/wucwo.org\\\/fr\\\/#organization\"},\"potentialAction\":[{\"@type\":\"SearchAction\",\"target\":{\"@type\":\"EntryPoint\",\"urlTemplate\":\"https:\\\/\\\/wucwo.org\\\/fr\\\/?s={search_term_string}\"},\"query-input\":{\"@type\":\"PropertyValueSpecification\",\"valueRequired\":true,\"valueName\":\"search_term_string\"}}],\"inLanguage\":\"fr-FR\"},{\"@type\":\"Organization\",\"@id\":\"https:\\\/\\\/wucwo.org\\\/fr\\\/#organization\",\"name\":\"UMOFC\",\"url\":\"https:\\\/\\\/wucwo.org\\\/fr\\\/\",\"logo\":{\"@type\":\"ImageObject\",\"inLanguage\":\"fr-FR\",\"@id\":\"https:\\\/\\\/wucwo.org\\\/fr\\\/#\\\/schema\\\/logo\\\/image\\\/\",\"url\":\"https:\\\/\\\/wucwo.org\\\/wp-content\\\/uploads\\\/2025\\\/08\\\/Final-icono-scaled.png\",\"contentUrl\":\"https:\\\/\\\/wucwo.org\\\/wp-content\\\/uploads\\\/2025\\\/08\\\/Final-icono-scaled.png\",\"width\":2560,\"height\":1811,\"caption\":\"UMOFC\"},\"image\":{\"@id\":\"https:\\\/\\\/wucwo.org\\\/fr\\\/#\\\/schema\\\/logo\\\/image\\\/\"},\"sameAs\":[\"https:\\\/\\\/www.facebook.com\\\/worldunionofcatholicwomensorganisations\\\/\",\"https:\\\/\\\/www.instagram.com\\\/wucwo_umofc\\\/\",\"https:\\\/\\\/www.linkedin.com\\\/company\\\/wucwo\\\/\",\"https:\\\/\\\/www.youtube.com\\\/@WUCWOUMOFC\",\"https:\\\/\\\/www.flickr.com\\\/photos\\\/203210007@N05\\\/albums\"]}]}<\/script>\n<!-- \/ Yoast SEO plugin. -->","yoast_head_json":{"title":"Nos racines - WUCWO - UMOFC","robots":{"index":"index","follow":"follow","max-snippet":"max-snippet:-1","max-image-preview":"max-image-preview:large","max-video-preview":"max-video-preview:-1"},"canonical":"https:\/\/wucwo.org\/fr\/notre-histoire\/","og_locale":"fr_FR","og_type":"article","og_title":"Nos racines - WUCWO - UMOFC","og_description":"Nos racinesPlus d'un si\u00e8cle au service des femmes catholiquesDepuis sa fondation en 1910, l'UMOFC est un espace de communion, de rencontre et de mission entre les femmes catholiques du monde entier. Depuis plus de cent ans, elle accompagne les d\u00e9fis de chaque \u00e9poque dans la fid\u00e9lit\u00e9 \u00e0 l'\u00c9vangile et au Magist\u00e8re de l'\u00c9glise et avec [&hellip;]","og_url":"https:\/\/wucwo.org\/fr\/notre-histoire\/","og_site_name":"WUCWO - UMOFC","article_publisher":"https:\/\/www.facebook.com\/worldunionofcatholicwomensorganisations\/","article_modified_time":"2025-12-17T10:37:58+00:00","twitter_card":"summary_large_image","twitter_misc":{"Dur\u00e9e de lecture estim\u00e9e":"11 minutes"},"schema":{"@context":"https:\/\/schema.org","@graph":[{"@type":"WebPage","@id":"https:\/\/wucwo.org\/fr\/notre-histoire\/","url":"https:\/\/wucwo.org\/fr\/notre-histoire\/","name":"Nos racines - WUCWO - UMOFC","isPartOf":{"@id":"https:\/\/wucwo.org\/fr\/#website"},"datePublished":"2025-05-28T01:22:36+00:00","dateModified":"2025-12-17T10:37:58+00:00","breadcrumb":{"@id":"https:\/\/wucwo.org\/fr\/notre-histoire\/#breadcrumb"},"inLanguage":"fr-FR","potentialAction":[{"@type":"ReadAction","target":["https:\/\/wucwo.org\/fr\/notre-histoire\/"]}]},{"@type":"BreadcrumbList","@id":"https:\/\/wucwo.org\/fr\/notre-histoire\/#breadcrumb","itemListElement":[{"@type":"ListItem","position":1,"name":"Portada","item":"https:\/\/wucwo.org\/fr\/"},{"@type":"ListItem","position":2,"name":"Nos racines"}]},{"@type":"WebSite","@id":"https:\/\/wucwo.org\/fr\/#website","url":"https:\/\/wucwo.org\/fr\/","name":"UMOFC","description":"","publisher":{"@id":"https:\/\/wucwo.org\/fr\/#organization"},"potentialAction":[{"@type":"SearchAction","target":{"@type":"EntryPoint","urlTemplate":"https:\/\/wucwo.org\/fr\/?s={search_term_string}"},"query-input":{"@type":"PropertyValueSpecification","valueRequired":true,"valueName":"search_term_string"}}],"inLanguage":"fr-FR"},{"@type":"Organization","@id":"https:\/\/wucwo.org\/fr\/#organization","name":"UMOFC","url":"https:\/\/wucwo.org\/fr\/","logo":{"@type":"ImageObject","inLanguage":"fr-FR","@id":"https:\/\/wucwo.org\/fr\/#\/schema\/logo\/image\/","url":"https:\/\/wucwo.org\/wp-content\/uploads\/2025\/08\/Final-icono-scaled.png","contentUrl":"https:\/\/wucwo.org\/wp-content\/uploads\/2025\/08\/Final-icono-scaled.png","width":2560,"height":1811,"caption":"UMOFC"},"image":{"@id":"https:\/\/wucwo.org\/fr\/#\/schema\/logo\/image\/"},"sameAs":["https:\/\/www.facebook.com\/worldunionofcatholicwomensorganisations\/","https:\/\/www.instagram.com\/wucwo_umofc\/","https:\/\/www.linkedin.com\/company\/wucwo\/","https:\/\/www.youtube.com\/@WUCWOUMOFC","https:\/\/www.flickr.com\/photos\/203210007@N05\/albums"]}]}},"_links":{"self":[{"href":"https:\/\/wucwo.org\/fr\/wp-json\/wp\/v2\/pages\/894","targetHints":{"allow":["GET"]}}],"collection":[{"href":"https:\/\/wucwo.org\/fr\/wp-json\/wp\/v2\/pages"}],"about":[{"href":"https:\/\/wucwo.org\/fr\/wp-json\/wp\/v2\/types\/page"}],"author":[{"embeddable":true,"href":"https:\/\/wucwo.org\/fr\/wp-json\/wp\/v2\/users\/1"}],"replies":[{"embeddable":true,"href":"https:\/\/wucwo.org\/fr\/wp-json\/wp\/v2\/comments?post=894"}],"version-history":[{"count":0,"href":"https:\/\/wucwo.org\/fr\/wp-json\/wp\/v2\/pages\/894\/revisions"}],"wp:attachment":[{"href":"https:\/\/wucwo.org\/fr\/wp-json\/wp\/v2\/media?parent=894"}],"curies":[{"name":"wp","href":"https:\/\/api.w.org\/{rel}","templated":true}]}}