{"id":906,"date":"2025-07-01T01:33:00","date_gmt":"2025-06-30T23:33:00","guid":{"rendered":"https:\/\/wucwo.org\/observatoire-mondial-des-femmes\/"},"modified":"2026-07-31T17:53:52","modified_gmt":"2026-07-31T15:53:52","slug":"observatoire-mondial-des-femmes","status":"publish","type":"page","link":"https:\/\/wucwo.org\/fr\/observatoire-mondial-des-femmes\/","title":{"rendered":"Observatoire Mondial des Femmes"},"content":{"rendered":"<p>[et_pb_section fb_built=\u00a0\u00bb1&Prime; _builder_version=\u00a0\u00bb4.27.4&Prime; _module_preset=\u00a0\u00bbdefault\u00a0\u00bb background_color=\u00a0\u00bbrgba(0,0,0,0.22)\u00a0\u00bb background_image=\u00a0\u00bbhttps:\/\/wucwo.org\/wp-content\/uploads\/2025\/08\/Observatorio-Mundial-Mujeres-scaled.jpg\u00a0\u00bb background_position=\u00a0\u00bbtop_center\u00a0\u00bb background_vertical_offset=\u00a0\u00bb35%\u00a0\u00bb background_blend=\u00a0\u00bbmultiply\u00a0\u00bb custom_padding=\u00a0\u00bb100px||100px||true|false\u00a0\u00bb da_disable_devices=\u00a0\u00bboff|off|off\u00a0\u00bb global_colors_info=\u00a0\u00bb{}\u00a0\u00bb da_is_popup=\u00a0\u00bboff\u00a0\u00bb da_exit_intent=\u00a0\u00bboff\u00a0\u00bb da_has_close=\u00a0\u00bbon\u00a0\u00bb da_alt_close=\u00a0\u00bboff\u00a0\u00bb da_dark_close=\u00a0\u00bboff\u00a0\u00bb da_not_modal=\u00a0\u00bbon\u00a0\u00bb da_is_singular=\u00a0\u00bboff\u00a0\u00bb da_with_loader=\u00a0\u00bboff\u00a0\u00bb da_has_shadow=\u00a0\u00bbon\u00a0\u00bb][et_pb_row _builder_version=\u00a0\u00bb4.27.4&Prime; _module_preset=\u00a0\u00bbdefault\u00a0\u00bb width=\u00a0\u00bb90%\u00a0\u00bb global_colors_info=\u00a0\u00bb{}\u00a0\u00bb][et_pb_column type=\u00a0\u00bb4_4&Prime; _builder_version=\u00a0\u00bb4.27.4&Prime; _module_preset=\u00a0\u00bbdefault\u00a0\u00bb global_colors_info=\u00a0\u00bb{}\u00a0\u00bb][et_pb_text _builder_version=\u00a0\u00bb4.27.4&Prime; _module_preset=\u00a0\u00bbdefault\u00a0\u00bb text_font=\u00a0\u00bbNunito Sans|300|||||||\u00a0\u00bb text_text_color=\u00a0\u00bb#FFFFFF\u00a0\u00bb text_font_size=\u00a0\u00bb18px\u00a0\u00bb header_font=\u00a0\u00bbNunito Sans|600|||||||\u00a0\u00bb header_text_color=\u00a0\u00bb#FFFFFF\u00a0\u00bb header_font_size=\u00a0\u00bb60px\u00a0\u00bb global_colors_info=\u00a0\u00bb{}\u00a0\u00bb]<\/p>\n<h1>Observatoire Mondial des Femmes<\/h1>\n<p>[\/et_pb_text][\/et_pb_column][\/et_pb_row][\/et_pb_section][et_pb_section fb_built=\u00a0\u00bb1&Prime; _builder_version=\u00a0\u00bb4.27.4&Prime; _module_preset=\u00a0\u00bbdefault\u00a0\u00bb custom_padding=\u00a0\u00bb||90px|||\u00a0\u00bb da_disable_devices=\u00a0\u00bboff|off|off\u00a0\u00bb global_colors_info=\u00a0\u00bb{}\u00a0\u00bb da_is_popup=\u00a0\u00bboff\u00a0\u00bb da_exit_intent=\u00a0\u00bboff\u00a0\u00bb da_has_close=\u00a0\u00bbon\u00a0\u00bb da_alt_close=\u00a0\u00bboff\u00a0\u00bb da_dark_close=\u00a0\u00bboff\u00a0\u00bb da_not_modal=\u00a0\u00bbon\u00a0\u00bb da_is_singular=\u00a0\u00bboff\u00a0\u00bb da_with_loader=\u00a0\u00bboff\u00a0\u00bb da_has_shadow=\u00a0\u00bbon\u00a0\u00bb][et_pb_row _builder_version=\u00a0\u00bb4.27.4&Prime; _module_preset=\u00a0\u00bbdefault\u00a0\u00bb width=\u00a0\u00bb90%\u00a0\u00bb global_colors_info=\u00a0\u00bb{}\u00a0\u00bb][et_pb_column type=\u00a0\u00bb4_4&Prime; _builder_version=\u00a0\u00bb4.27.4&Prime; _module_preset=\u00a0\u00bbdefault\u00a0\u00bb global_colors_info=\u00a0\u00bb{}\u00a0\u00bb][et_pb_text _builder_version=\u00a0\u00bb4.27.4&Prime; _module_preset=\u00a0\u00bbdefault\u00a0\u00bb header_font=\u00a0\u00bbJosefin Slab|700|||||||\u00a0\u00bb header_text_align=\u00a0\u00bbcenter\u00a0\u00bb header_text_color=\u00a0\u00bb#006CA7&Prime; header_font_size=\u00a0\u00bb40px\u00a0\u00bb custom_margin=\u00a0\u00bb||8px|||\u00a0\u00bb global_colors_info=\u00a0\u00bb{}\u00a0\u00bb]<\/p>\n<h1>\u00c0 l&rsquo;\u00e9coute des femmes pour transformer des vies<\/h1>\n<p>[\/et_pb_text][et_pb_divider color=\u00a0\u00bb#EC6386&Prime; divider_weight=\u00a0\u00bb3px\u00a0\u00bb _builder_version=\u00a0\u00bb4.27.4&Prime; _module_preset=\u00a0\u00bbdefault\u00a0\u00bb width=\u00a0\u00bb18%\u00a0\u00bb module_alignment=\u00a0\u00bbcenter\u00a0\u00bb global_colors_info=\u00a0\u00bb{}\u00a0\u00bb][\/et_pb_divider][\/et_pb_column][\/et_pb_row][et_pb_row column_structure=\u00a0\u00bb1_2,1_2&Prime; _builder_version=\u00a0\u00bb4.27.4&Prime; _module_preset=\u00a0\u00bbdefault\u00a0\u00bb width=\u00a0\u00bb65%\u00a0\u00bb global_colors_info=\u00a0\u00bb{}\u00a0\u00bb][et_pb_column type=\u00a0\u00bb1_2&Prime; _builder_version=\u00a0\u00bb4.27.4&Prime; _module_preset=\u00a0\u00bbdefault\u00a0\u00bb global_colors_info=\u00a0\u00bb{}\u00a0\u00bb][et_pb_text _builder_version=\u00a0\u00bb4.27.4&Prime; _module_preset=\u00a0\u00bbdefault\u00a0\u00bb text_font=\u00a0\u00bbNunito||||||||\u00a0\u00bb text_font_size=\u00a0\u00bb17px\u00a0\u00bb text_line_height=\u00a0\u00bb1.6em\u00a0\u00bb text_orientation=\u00a0\u00bbright\u00a0\u00bb module_alignment=\u00a0\u00bbcenter\u00a0\u00bb global_colors_info=\u00a0\u00bb{}\u00a0\u00bb]<\/p>\n<p>L&rsquo;Observatoire Mondial des Femmes (WWO) a \u00e9t\u00e9 cr\u00e9\u00e9 en 2021 par l&rsquo;UMOFC afin de :<br \/>donner de la <strong>visibilit\u00e9 aux femmes<\/strong>, en particulier aux plus vuln\u00e9rables, dont les r\u00e9alit\u00e9s restent souvent cach\u00e9es, tant dans leur souffrance que dans leur potentiel, afin <strong>d&rsquo;inspirer et de g\u00e9n\u00e9rer<\/strong> :<\/p>\n<p>[\/et_pb_text][\/et_pb_column][et_pb_column type=\u00a0\u00bb1_2&Prime; _builder_version=\u00a0\u00bb4.27.4&Prime; _module_preset=\u00a0\u00bbdefault\u00a0\u00bb global_colors_info=\u00a0\u00bb{}\u00a0\u00bb][et_pb_blurb title=\u00a0\u00bbDes strat\u00e9gies pastorales de la part de l&rsquo;\u00c9glise\u00a0\u00bb use_icon=\u00a0\u00bbon\u00a0\u00bb font_icon=\u00a0\u00bb&#x52;||divi||400&Prime; icon_color=\u00a0\u00bb#EC6386&Prime; icon_placement=\u00a0\u00bbleft\u00a0\u00bb image_icon_width=\u00a0\u00bb24px\u00a0\u00bb _builder_version=\u00a0\u00bb4.27.4&Prime; _module_preset=\u00a0\u00bbdefault\u00a0\u00bb header_font=\u00a0\u00bbNunito||||||||\u00a0\u00bb header_text_color=\u00a0\u00bb#686868&Prime; header_font_size=\u00a0\u00bb17px\u00a0\u00bb header_line_height=\u00a0\u00bb1.4em\u00a0\u00bb custom_margin=\u00a0\u00bb||0px||false|false\u00a0\u00bb custom_padding=\u00a0\u00bb||||false|false\u00a0\u00bb global_colors_info=\u00a0\u00bb{}\u00a0\u00bb][\/et_pb_blurb][et_pb_blurb title=\u00a0\u00bbDes synergies de la part des ONG de la soci\u00e9t\u00e9 civile\u00a0\u00bb use_icon=\u00a0\u00bbon\u00a0\u00bb font_icon=\u00a0\u00bb&#x52;||divi||400&Prime; icon_color=\u00a0\u00bb#EC6386&Prime; icon_placement=\u00a0\u00bbleft\u00a0\u00bb image_icon_width=\u00a0\u00bb24px\u00a0\u00bb _builder_version=\u00a0\u00bb4.27.4&Prime; _module_preset=\u00a0\u00bbdefault\u00a0\u00bb header_font=\u00a0\u00bbNunito||||||||\u00a0\u00bb header_text_color=\u00a0\u00bb#686868&Prime; header_font_size=\u00a0\u00bb17px\u00a0\u00bb header_line_height=\u00a0\u00bb1.4em\u00a0\u00bb custom_margin=\u00a0\u00bb||0px||false|false\u00a0\u00bb custom_padding=\u00a0\u00bb||||false|false\u00a0\u00bb global_colors_info=\u00a0\u00bb{}\u00a0\u00bb][\/et_pb_blurb][et_pb_blurb title=\u00a0\u00bbDes politiques publiques de la part des \u00c9tats et\u00a0\u00bb use_icon=\u00a0\u00bbon\u00a0\u00bb font_icon=\u00a0\u00bb&#x52;||divi||400&Prime; icon_color=\u00a0\u00bb#EC6386&Prime; icon_placement=\u00a0\u00bbleft\u00a0\u00bb image_icon_width=\u00a0\u00bb24px\u00a0\u00bb _builder_version=\u00a0\u00bb4.27.4&Prime; _module_preset=\u00a0\u00bbdefault\u00a0\u00bb header_font=\u00a0\u00bbNunito||||||||\u00a0\u00bb header_text_color=\u00a0\u00bb#686868&Prime; header_font_size=\u00a0\u00bb17px\u00a0\u00bb header_line_height=\u00a0\u00bb1.4em\u00a0\u00bb custom_margin=\u00a0\u00bb||0px||false|false\u00a0\u00bb custom_padding=\u00a0\u00bb||||false|false\u00a0\u00bb global_colors_info=\u00a0\u00bb{}\u00a0\u00bb][\/et_pb_blurb][et_pb_blurb title=\u00a0\u00bbDes contributions \u00e0 l&apos;agenda international, qui favorisent le d\u00e9veloppement humain int\u00e9gral des femmes et celui de leurs familles, de leurs communaut\u00e9s et de leurs peuples.\u00a0\u00bb use_icon=\u00a0\u00bbon\u00a0\u00bb font_icon=\u00a0\u00bb&#x52;||divi||400&Prime; icon_color=\u00a0\u00bb#EC6386&Prime; icon_placement=\u00a0\u00bbleft\u00a0\u00bb image_icon_width=\u00a0\u00bb24px\u00a0\u00bb _builder_version=\u00a0\u00bb4.27.4&Prime; _module_preset=\u00a0\u00bbdefault\u00a0\u00bb header_font=\u00a0\u00bbNunito||||||||\u00a0\u00bb header_text_color=\u00a0\u00bb#686868&Prime; header_font_size=\u00a0\u00bb17px\u00a0\u00bb header_line_height=\u00a0\u00bb1.4em\u00a0\u00bb custom_margin=\u00a0\u00bb||0px||false|false\u00a0\u00bb custom_padding=\u00a0\u00bb||||false|false\u00a0\u00bb global_colors_info=\u00a0\u00bb{}\u00a0\u00bb][\/et_pb_blurb][\/et_pb_column][\/et_pb_row][et_pb_row _builder_version=\u00a0\u00bb4.27.4&Prime; _module_preset=\u00a0\u00bbdefault\u00a0\u00bb global_colors_info=\u00a0\u00bb{}\u00a0\u00bb][et_pb_column type=\u00a0\u00bb4_4&Prime; _builder_version=\u00a0\u00bb4.27.4&Prime; _module_preset=\u00a0\u00bbdefault\u00a0\u00bb global_colors_info=\u00a0\u00bb{}\u00a0\u00bb][et_pb_text _builder_version=\u00a0\u00bb4.27.4&Prime; _module_preset=\u00a0\u00bbdefault\u00a0\u00bb text_font=\u00a0\u00bbNunito||||||||\u00a0\u00bb text_font_size=\u00a0\u00bb17px\u00a0\u00bb text_line_height=\u00a0\u00bb1.6em\u00a0\u00bb text_orientation=\u00a0\u00bbcenter\u00a0\u00bb width=\u00a0\u00bb65%\u00a0\u00bb module_alignment=\u00a0\u00bbcenter\u00a0\u00bb global_colors_info=\u00a0\u00bb{}\u00a0\u00bb]<\/p>\n<p>Au cours de ces premi\u00e8res ann\u00e9es, l&rsquo;Observatoire a publi\u00e9 9 rapports, organis\u00e9 4 ateliers de <strong>formation, d&rsquo;autonomisation et d&rsquo;\u00e9change de bonnes pratiques<\/strong>, et constitu\u00e9 un r\u00e9seau international d&rsquo;expertes \u2014 religieuses et la\u00efques \u2014 sur des th\u00e8mes tels que la violence, la discrimination et la migration.<\/p>\n<p>\u00c0 travers ce travail, l&rsquo;Observatoire devient un outil concret pour donner la parole \u00e0 celles qui ne l&rsquo;ont pas, <strong>inspirer des changements<\/strong> et agir l\u00e0 o\u00f9 cela est le plus n\u00e9cessaire.<\/p>\n<p>[\/et_pb_text][\/et_pb_column][\/et_pb_row][et_pb_row _builder_version=\u00a0\u00bb4.27.4&Prime; _module_preset=\u00a0\u00bbdefault\u00a0\u00bb global_colors_info=\u00a0\u00bb{}\u00a0\u00bb][et_pb_column type=\u00a0\u00bb4_4&Prime; _builder_version=\u00a0\u00bb4.27.4&Prime; _module_preset=\u00a0\u00bbdefault\u00a0\u00bb global_colors_info=\u00a0\u00bb{}\u00a0\u00bb][et_pb_button button_url=\u00a0\u00bbhttps:\/\/www.worldwomensobservatory.org\/fr%20&Prime; url_new_window=\u00a0\u00bbon\u00a0\u00bb button_text=\u00a0\u00bbEn savoir plus sur l&rsquo;Observatoire mondial des femmes\u00a0\u00bb button_alignment=\u00a0\u00bbcenter\u00a0\u00bb _builder_version=\u00a0\u00bb4.27.4&Prime; _module_preset=\u00a0\u00bbdefault\u00a0\u00bb custom_button=\u00a0\u00bbon\u00a0\u00bb button_bg_color=\u00a0\u00bb#006CA7&Prime; button_border_width=\u00a0\u00bb0px\u00a0\u00bb global_colors_info=\u00a0\u00bb{}\u00a0\u00bb][\/et_pb_button][\/et_pb_column][\/et_pb_row][et_pb_row _builder_version=\u00a0\u00bb4.27.6&Prime; _module_preset=\u00a0\u00bbdefault\u00a0\u00bb global_colors_info=\u00a0\u00bb{}\u00a0\u00bb][et_pb_column type=\u00a0\u00bb4_4&Prime; _builder_version=\u00a0\u00bb4.27.6&Prime; _module_preset=\u00a0\u00bbdefault\u00a0\u00bb global_colors_info=\u00a0\u00bb{}\u00a0\u00bb][et_pb_text _builder_version=\u00a0\u00bb4.27.6&Prime; _module_preset=\u00a0\u00bbdefault\u00a0\u00bb text_font=\u00a0\u00bbNunito||||||||\u00a0\u00bb text_font_size=\u00a0\u00bb16px\u00a0\u00bb text_orientation=\u00a0\u00bbcenter\u00a0\u00bb custom_padding=\u00a0\u00bb12px||7px|||\u00a0\u00bb hover_enabled=\u00a0\u00bb0&Prime; global_colors_info=\u00a0\u00bb{}\u00a0\u00bb sticky_enabled=\u00a0\u00bb0&Prime;]<\/p>\n<p><a href=\"https:\/\/wucwo.org\/fr\/observatoire-mondial-des-femmes\/\"><span style=\"color: #ec6386;\">Observatoire Mondial des Femmes<\/span><\/a>\u00a0 \u00a0 |\u00a0 \u00a0 <a href=\"https:\/\/wucwo.org\/fr\/liberte-religieuse\/\"><span style=\"color: #f59b1a;\">Libert\u00e9 religieuse <\/span><\/a>\u00a0 \u00a0|\u00a0 \u00a0 <a href=\"https:\/\/wucwo.org\/fr\/migrants-et-refugies\/\"><span style=\"color: #04426a;\">Migrants et r\u00e9fugi\u00e9s<\/span><\/a>\u00a0 \u00a0 |\u00a0 \u00a0 <a href=\"https:\/\/wucwo.org\/fr\/ecologie\/\"><span style=\"color: #006ca7;\">\u00c9<\/span>cologie<\/a>\u00a0 \u00a0 |\u00a0 \u00a0 <span style=\"color: #ec6386;\"><a href=\"https:\/\/wucwo.org\/fr\/famille\/\" style=\"color: #ec6386;\">Famille<\/a>\u00a0 \u00a0 <\/span>|\u00a0 \u00a0 <a href=\"https:\/\/wucwo.org\/fr\/synodalite-formation-et-participation-des-femmes\/\"><span style=\"color: #f59b1a;\">Synodalit\u00e9<\/span><\/a>\u00a0 \u00a0 |\u00a0 \u00a0 <a href=\"https:\/\/wucwo.org\/fr\/plaidoyer-international\/\"><span style=\"color: #04426a;\">Plaidoyer international<\/span><\/a><\/p>\n<p>[\/et_pb_text][\/et_pb_column][\/et_pb_row][et_pb_row _builder_version=\u00a0\u00bb4.27.4&Prime; _module_preset=\u00a0\u00bbdefault\u00a0\u00bb locked=\u00a0\u00bboff\u00a0\u00bb global_colors_info=\u00a0\u00bb{}\u00a0\u00bb][et_pb_column type=\u00a0\u00bb4_4&Prime; _builder_version=\u00a0\u00bb4.27.4&Prime; _module_preset=\u00a0\u00bbdefault\u00a0\u00bb global_colors_info=\u00a0\u00bb{}\u00a0\u00bb][et_pb_blog_extras posts_number=\u00a0\u00bb3&Prime; include_categories=\u00a0\u00bb148&Prime; blog_layout=\u00a0\u00bbblock_extended\u00a0\u00bb meta_date=\u00a0\u00bbj M, Y\u00a0\u00bb excerpt_length=\u00a0\u00bb120&Prime; use_read_more_button=\u00a0\u00bbon\u00a0\u00bb read_more_text=\u00a0\u00bbEn savoir plus\u00a0\u00bb show_author=\u00a0\u00bboff\u00a0\u00bb category_color=\u00a0\u00bb#FFFFFF\u00a0\u00bb category_background_color=\u00a0\u00bb#006CA7&Prime; show_comments=\u00a0\u00bboff\u00a0\u00bb show_read_time=\u00a0\u00bbon\u00a0\u00bb read_time_text=\u00a0\u00bbmin\u00a0\u00bb show_load_more=\u00a0\u00bbon\u00a0\u00bb pagination_type=\u00a0\u00bboff\u00a0\u00bb next_text=\u00a0\u00bbSuivant\u00a0\u00bb prev_text=\u00a0\u00bbPr\u00e9c\u00e9dent\u00a0\u00bb _builder_version=\u00a0\u00bb4.27.4&Prime; _module_preset=\u00a0\u00bbdefault\u00a0\u00bb header_font=\u00a0\u00bbJosefin Sans||||||||\u00a0\u00bb header_font_size=\u00a0\u00bb22px\u00a0\u00bb header_line_height=\u00a0\u00bb1.2em\u00a0\u00bb body_font=\u00a0\u00bbNunito||||||||\u00a0\u00bb body_font_size=\u00a0\u00bb17px\u00a0\u00bb body_line_height=\u00a0\u00bb1.5em\u00a0\u00bb meta_font=\u00a0\u00bbNunito||||||||\u00a0\u00bb meta_text_color=\u00a0\u00bb#006CA7&Prime; custom_read_more=\u00a0\u00bbon\u00a0\u00bb read_more_text_size=\u00a0\u00bb14px\u00a0\u00bb read_more_text_color=\u00a0\u00bb#FFFFFF\u00a0\u00bb read_more_bg_color=\u00a0\u00bb#006CA7&Prime; read_more_border_width=\u00a0\u00bb0px\u00a0\u00bb read_more_border_radius=\u00a0\u00bb0px\u00a0\u00bb read_more_font=\u00a0\u00bbNunito||||||||\u00a0\u00bb locked=\u00a0\u00bboff\u00a0\u00bb global_colors_info=\u00a0\u00bb{}\u00a0\u00bb][\/et_pb_blog_extras][\/et_pb_column][\/et_pb_row][\/et_pb_section]<\/p>\n","protected":false},"excerpt":{"rendered":"<p>Observatoire Mondial des Femmes\u00c0 l&rsquo;\u00e9coute des femmes pour transformer des viesL&rsquo;Observatoire Mondial des Femmes (WWO) a \u00e9t\u00e9 cr\u00e9\u00e9 en 2021 par l&rsquo;UMOFC afin de :donner de la visibilit\u00e9 aux femmes, en particulier aux plus vuln\u00e9rables, dont les r\u00e9alit\u00e9s restent souvent cach\u00e9es, tant dans leur souffrance que dans leur potentiel, afin d&rsquo;inspirer et de g\u00e9n\u00e9rer :Au [&hellip;]<\/p>\n","protected":false},"author":1,"featured_media":0,"parent":0,"menu_order":0,"comment_status":"closed","ping_status":"closed","template":"","meta":{"_et_pb_use_builder":"on","_et_pb_old_content":"","_et_gb_content_width":"","footnotes":""},"class_list":["post-906","page","type-page","status-publish","hentry"],"yoast_head":"<!-- This site is optimized with the Yoast SEO plugin v27.8 - https:\/\/yoast.com\/product\/yoast-seo-wordpress\/ -->\n<title>Observatoire Mondial des Femmes - WUCWO - UMOFC<\/title>\n<meta name=\"robots\" content=\"index, follow, max-snippet:-1, max-image-preview:large, max-video-preview:-1\" \/>\n<link rel=\"canonical\" href=\"https:\/\/wucwo.org\/fr\/observatoire-mondial-des-femmes\/\" \/>\n<meta property=\"og:locale\" content=\"fr_FR\" \/>\n<meta property=\"og:type\" content=\"article\" \/>\n<meta property=\"og:title\" content=\"Observatoire Mondial des Femmes - WUCWO - UMOFC\" \/>\n<meta property=\"og:description\" content=\"Observatoire Mondial des Femmes\u00c0 l&#039;\u00e9coute des femmes pour transformer des viesL&#039;Observatoire Mondial des Femmes (WWO) a \u00e9t\u00e9 cr\u00e9\u00e9 en 2021 par l&#039;UMOFC afin de :donner de la visibilit\u00e9 aux femmes, en particulier aux plus vuln\u00e9rables, dont les r\u00e9alit\u00e9s restent souvent cach\u00e9es, tant dans leur souffrance que dans leur potentiel, afin d&#039;inspirer et de g\u00e9n\u00e9rer :Au [&hellip;]\" \/>\n<meta property=\"og:url\" content=\"https:\/\/wucwo.org\/fr\/observatoire-mondial-des-femmes\/\" \/>\n<meta property=\"og:site_name\" content=\"WUCWO - UMOFC\" \/>\n<meta property=\"article:publisher\" content=\"https:\/\/www.facebook.com\/worldunionofcatholicwomensorganisations\/\" \/>\n<meta property=\"article:modified_time\" content=\"2026-07-31T15:53:52+00:00\" \/>\n<meta name=\"twitter:card\" content=\"summary_large_image\" \/>\n<meta name=\"twitter:label1\" content=\"Dur\u00e9e de lecture estim\u00e9e\" \/>\n\t<meta name=\"twitter:data1\" content=\"6 minutes\" \/>\n<script type=\"application\/ld+json\" class=\"yoast-schema-graph\">{\"@context\":\"https:\\\/\\\/schema.org\",\"@graph\":[{\"@type\":\"WebPage\",\"@id\":\"https:\\\/\\\/wucwo.org\\\/fr\\\/observatoire-mondial-des-femmes\\\/\",\"url\":\"https:\\\/\\\/wucwo.org\\\/fr\\\/observatoire-mondial-des-femmes\\\/\",\"name\":\"Observatoire Mondial des Femmes - WUCWO - UMOFC\",\"isPartOf\":{\"@id\":\"https:\\\/\\\/wucwo.org\\\/fr\\\/#website\"},\"datePublished\":\"2025-06-30T23:33:00+00:00\",\"dateModified\":\"2026-07-31T15:53:52+00:00\",\"breadcrumb\":{\"@id\":\"https:\\\/\\\/wucwo.org\\\/fr\\\/observatoire-mondial-des-femmes\\\/#breadcrumb\"},\"inLanguage\":\"fr-FR\",\"potentialAction\":[{\"@type\":\"ReadAction\",\"target\":[\"https:\\\/\\\/wucwo.org\\\/fr\\\/observatoire-mondial-des-femmes\\\/\"]}]},{\"@type\":\"BreadcrumbList\",\"@id\":\"https:\\\/\\\/wucwo.org\\\/fr\\\/observatoire-mondial-des-femmes\\\/#breadcrumb\",\"itemListElement\":[{\"@type\":\"ListItem\",\"position\":1,\"name\":\"Portada\",\"item\":\"https:\\\/\\\/wucwo.org\\\/fr\\\/\"},{\"@type\":\"ListItem\",\"position\":2,\"name\":\"Observatoire Mondial des Femmes\"}]},{\"@type\":\"WebSite\",\"@id\":\"https:\\\/\\\/wucwo.org\\\/fr\\\/#website\",\"url\":\"https:\\\/\\\/wucwo.org\\\/fr\\\/\",\"name\":\"UMOFC\",\"description\":\"\",\"publisher\":{\"@id\":\"https:\\\/\\\/wucwo.org\\\/fr\\\/#organization\"},\"potentialAction\":[{\"@type\":\"SearchAction\",\"target\":{\"@type\":\"EntryPoint\",\"urlTemplate\":\"https:\\\/\\\/wucwo.org\\\/fr\\\/?s={search_term_string}\"},\"query-input\":{\"@type\":\"PropertyValueSpecification\",\"valueRequired\":true,\"valueName\":\"search_term_string\"}}],\"inLanguage\":\"fr-FR\"},{\"@type\":\"Organization\",\"@id\":\"https:\\\/\\\/wucwo.org\\\/fr\\\/#organization\",\"name\":\"UMOFC\",\"url\":\"https:\\\/\\\/wucwo.org\\\/fr\\\/\",\"logo\":{\"@type\":\"ImageObject\",\"inLanguage\":\"fr-FR\",\"@id\":\"https:\\\/\\\/wucwo.org\\\/fr\\\/#\\\/schema\\\/logo\\\/image\\\/\",\"url\":\"https:\\\/\\\/wucwo.org\\\/wp-content\\\/uploads\\\/2025\\\/08\\\/Final-icono-scaled.png\",\"contentUrl\":\"https:\\\/\\\/wucwo.org\\\/wp-content\\\/uploads\\\/2025\\\/08\\\/Final-icono-scaled.png\",\"width\":2560,\"height\":1811,\"caption\":\"UMOFC\"},\"image\":{\"@id\":\"https:\\\/\\\/wucwo.org\\\/fr\\\/#\\\/schema\\\/logo\\\/image\\\/\"},\"sameAs\":[\"https:\\\/\\\/www.facebook.com\\\/worldunionofcatholicwomensorganisations\\\/\",\"https:\\\/\\\/www.instagram.com\\\/wucwo_umofc\\\/\",\"https:\\\/\\\/www.linkedin.com\\\/company\\\/wucwo\\\/\",\"https:\\\/\\\/www.youtube.com\\\/@WUCWOUMOFC\",\"https:\\\/\\\/www.flickr.com\\\/photos\\\/203210007@N05\\\/albums\"]}]}<\/script>\n<!-- \/ Yoast SEO plugin. -->","yoast_head_json":{"title":"Observatoire Mondial des Femmes - WUCWO - UMOFC","robots":{"index":"index","follow":"follow","max-snippet":"max-snippet:-1","max-image-preview":"max-image-preview:large","max-video-preview":"max-video-preview:-1"},"canonical":"https:\/\/wucwo.org\/fr\/observatoire-mondial-des-femmes\/","og_locale":"fr_FR","og_type":"article","og_title":"Observatoire Mondial des Femmes - WUCWO - UMOFC","og_description":"Observatoire Mondial des Femmes\u00c0 l'\u00e9coute des femmes pour transformer des viesL'Observatoire Mondial des Femmes (WWO) a \u00e9t\u00e9 cr\u00e9\u00e9 en 2021 par l'UMOFC afin de :donner de la visibilit\u00e9 aux femmes, en particulier aux plus vuln\u00e9rables, dont les r\u00e9alit\u00e9s restent souvent cach\u00e9es, tant dans leur souffrance que dans leur potentiel, afin d'inspirer et de g\u00e9n\u00e9rer :Au [&hellip;]","og_url":"https:\/\/wucwo.org\/fr\/observatoire-mondial-des-femmes\/","og_site_name":"WUCWO - UMOFC","article_publisher":"https:\/\/www.facebook.com\/worldunionofcatholicwomensorganisations\/","article_modified_time":"2026-07-31T15:53:52+00:00","twitter_card":"summary_large_image","twitter_misc":{"Dur\u00e9e de lecture estim\u00e9e":"6 minutes"},"schema":{"@context":"https:\/\/schema.org","@graph":[{"@type":"WebPage","@id":"https:\/\/wucwo.org\/fr\/observatoire-mondial-des-femmes\/","url":"https:\/\/wucwo.org\/fr\/observatoire-mondial-des-femmes\/","name":"Observatoire Mondial des Femmes - WUCWO - UMOFC","isPartOf":{"@id":"https:\/\/wucwo.org\/fr\/#website"},"datePublished":"2025-06-30T23:33:00+00:00","dateModified":"2026-07-31T15:53:52+00:00","breadcrumb":{"@id":"https:\/\/wucwo.org\/fr\/observatoire-mondial-des-femmes\/#breadcrumb"},"inLanguage":"fr-FR","potentialAction":[{"@type":"ReadAction","target":["https:\/\/wucwo.org\/fr\/observatoire-mondial-des-femmes\/"]}]},{"@type":"BreadcrumbList","@id":"https:\/\/wucwo.org\/fr\/observatoire-mondial-des-femmes\/#breadcrumb","itemListElement":[{"@type":"ListItem","position":1,"name":"Portada","item":"https:\/\/wucwo.org\/fr\/"},{"@type":"ListItem","position":2,"name":"Observatoire Mondial des Femmes"}]},{"@type":"WebSite","@id":"https:\/\/wucwo.org\/fr\/#website","url":"https:\/\/wucwo.org\/fr\/","name":"UMOFC","description":"","publisher":{"@id":"https:\/\/wucwo.org\/fr\/#organization"},"potentialAction":[{"@type":"SearchAction","target":{"@type":"EntryPoint","urlTemplate":"https:\/\/wucwo.org\/fr\/?s={search_term_string}"},"query-input":{"@type":"PropertyValueSpecification","valueRequired":true,"valueName":"search_term_string"}}],"inLanguage":"fr-FR"},{"@type":"Organization","@id":"https:\/\/wucwo.org\/fr\/#organization","name":"UMOFC","url":"https:\/\/wucwo.org\/fr\/","logo":{"@type":"ImageObject","inLanguage":"fr-FR","@id":"https:\/\/wucwo.org\/fr\/#\/schema\/logo\/image\/","url":"https:\/\/wucwo.org\/wp-content\/uploads\/2025\/08\/Final-icono-scaled.png","contentUrl":"https:\/\/wucwo.org\/wp-content\/uploads\/2025\/08\/Final-icono-scaled.png","width":2560,"height":1811,"caption":"UMOFC"},"image":{"@id":"https:\/\/wucwo.org\/fr\/#\/schema\/logo\/image\/"},"sameAs":["https:\/\/www.facebook.com\/worldunionofcatholicwomensorganisations\/","https:\/\/www.instagram.com\/wucwo_umofc\/","https:\/\/www.linkedin.com\/company\/wucwo\/","https:\/\/www.youtube.com\/@WUCWOUMOFC","https:\/\/www.flickr.com\/photos\/203210007@N05\/albums"]}]}},"_links":{"self":[{"href":"https:\/\/wucwo.org\/fr\/wp-json\/wp\/v2\/pages\/906","targetHints":{"allow":["GET"]}}],"collection":[{"href":"https:\/\/wucwo.org\/fr\/wp-json\/wp\/v2\/pages"}],"about":[{"href":"https:\/\/wucwo.org\/fr\/wp-json\/wp\/v2\/types\/page"}],"author":[{"embeddable":true,"href":"https:\/\/wucwo.org\/fr\/wp-json\/wp\/v2\/users\/1"}],"replies":[{"embeddable":true,"href":"https:\/\/wucwo.org\/fr\/wp-json\/wp\/v2\/comments?post=906"}],"version-history":[{"count":2,"href":"https:\/\/wucwo.org\/fr\/wp-json\/wp\/v2\/pages\/906\/revisions"}],"predecessor-version":[{"id":20457,"href":"https:\/\/wucwo.org\/fr\/wp-json\/wp\/v2\/pages\/906\/revisions\/20457"}],"wp:attachment":[{"href":"https:\/\/wucwo.org\/fr\/wp-json\/wp\/v2\/media?parent=906"}],"curies":[{"name":"wp","href":"https:\/\/api.w.org\/{rel}","templated":true}]}}